{"id":11,"date":"2018-02-13T22:29:12","date_gmt":"2018-02-13T21:29:12","guid":{"rendered":"http:\/\/sabols.atknet.sk\/wordpress\/?page_id=11"},"modified":"2025-10-05T13:16:10","modified_gmt":"2025-10-05T11:16:10","slug":"omse","status":"publish","type":"page","link":"https:\/\/farnostvinne.sk\/?page_id=11","title":{"rendered":"Aktuality"},"content":{"rendered":"<hr \/>\n<h3 class=\"article__title\"><strong><span style=\"color: #0000ff;\">Hom\u00edlia Leva XIV.: Dnes sa v dejin\u00e1ch Cirkvi otv\u00e1ra nov\u00e1 misijn\u00e1 epocha<\/span><\/strong><\/h3>\n<h5><span style=\"color: #000000;\"><img loading=\"lazy\" decoding=\"async\" class=\"wp-image-7029 alignleft\" src=\"http:\/\/farnostvinne.sk\/wp-content\/uploads\/2025\/10\/cq5dam.thumbnail.cropped.1500.844-300x198.jpeg\" alt=\"\" width=\"138\" height=\"91\" srcset=\"https:\/\/farnostvinne.sk\/wp-content\/uploads\/2025\/10\/cq5dam.thumbnail.cropped.1500.844-300x198.jpeg 300w, https:\/\/farnostvinne.sk\/wp-content\/uploads\/2025\/10\/cq5dam.thumbnail.cropped.1500.844-1024x675.jpeg 1024w, https:\/\/farnostvinne.sk\/wp-content\/uploads\/2025\/10\/cq5dam.thumbnail.cropped.1500.844-768x506.jpeg 768w, https:\/\/farnostvinne.sk\/wp-content\/uploads\/2025\/10\/cq5dam.thumbnail.cropped.1500.844.jpeg 1280w\" sizes=\"auto, (max-width: 138px) 100vw, 138px\" \/>P\u00e1nova odpove\u010f n\u00e1s v\u0161ak otv\u00e1ra n\u00e1deji. Ak prorok poukazuje na neodvratn\u00fa silu zla, ktor\u00e9 sa zd\u00e1 by\u0165 v\u00ed\u0165azn\u00e9, P\u00e1n mu naopak oznamuje, \u017ee v\u0161etko toto bude ma\u0165 svoj koniec, svoj \u010das, lebo sp\u00e1sa pr\u00edde a nebude me\u0161ka\u0165: \u201eH\u013ea, nad\u00fava sa, v kom nie je du\u0161a priama, spravodliv\u00fd v\u0161ak bude \u017ei\u0165 pre svoju vernos\u0165\u201c (<i>Hab<\/i> 2, 4). Teda existuje \u017eivot, nov\u00e1 mo\u017enos\u0165 \u017eivota a sp\u00e1sy, ktor\u00e1 pramen\u00ed z viery, preto\u017ee t\u00e1 n\u00e1m nielen pom\u00e1ha odol\u00e1va\u0165 zlu a vytrva\u0165 v dobrom, ale premie\u0148a aj n\u00e1\u0161 \u017eivot nato\u013eko, \u017ee sa st\u00e1va n\u00e1strojom sp\u00e1sy, ktor\u00fa Boh aj dnes chce uskuto\u010d\u0148ova\u0165 vo svete. A ako n\u00e1m hovor\u00ed Je\u017ei\u0161 v evanjeliu, ide o silu tich\u00fa a pokorn\u00fa: viera sa nepresadzuje mocou ani v\u00fdnimo\u010dn\u00fdmi sp\u00f4sobmi; sta\u010d\u00ed jej ve\u013ekos\u0165 hor\u010di\u010dn\u00e9ho zrnka, aby dok\u00e1zala nepredstavite\u013en\u00e9 veci (porov. <i>Lk<\/i> 17, 6), lebo nesie v sebe silu Bo\u017eej l\u00e1sky, ktor\u00e1 otv\u00e1ra cesty sp\u00e1sy.<a href=\"https:\/\/www.vaticannews.va\/sk\/papez\/news\/2025-10\/homilia-leva-xiv-dnes-sa-v-dejinach-cirkvi-otvara-nova-misijna.html\"><span style=\"color: #0000ff;\">zobrazi\u0165<\/span><\/a><\/span><\/h5>\n<hr \/>\n<h3 class=\"article__title\"><strong><span style=\"color: #0000ff;\">Bol zverejnen\u00fd erb a heslo p\u00e1pe\u017ea Leva XIV.<\/span><\/strong><\/h3>\n<h5><span style=\"color: #000000;\"><img loading=\"lazy\" decoding=\"async\" class=\" wp-image-6865 alignleft\" src=\"http:\/\/farnostvinne.sk\/wp-content\/uploads\/2025\/05\/cq5dam.thumbnail.cropped.1500.844-300x169.jpeg\" alt=\"\" width=\"276\" height=\"155\" srcset=\"https:\/\/farnostvinne.sk\/wp-content\/uploads\/2025\/05\/cq5dam.thumbnail.cropped.1500.844-300x169.jpeg 300w, https:\/\/farnostvinne.sk\/wp-content\/uploads\/2025\/05\/cq5dam.thumbnail.cropped.1500.844-1024x576.jpeg 1024w, https:\/\/farnostvinne.sk\/wp-content\/uploads\/2025\/05\/cq5dam.thumbnail.cropped.1500.844-768x432.jpeg 768w, https:\/\/farnostvinne.sk\/wp-content\/uploads\/2025\/05\/cq5dam.thumbnail.cropped.1500.844.jpeg 1280w\" sizes=\"auto, (max-width: 276px) 100vw, 276px\" \/>Erb zobrazuje \u0161t\u00edt rozdelen\u00fd diagon\u00e1lne na dva sektory: horn\u00fd m\u00e1 modr\u00e9 pozadie a je na \u0148om biela \u013ealia. Doln\u00fd m\u00e1 svetl\u00e9 pozadie a je na \u0148om obraz pripom\u00ednaj\u00faci R\u00e1d sv\u00e4t\u00e9ho August\u00edna: zatvoren\u00e1 kniha, na ktorej je srdce prebodnut\u00e9 \u0161\u00edpom. Tento obraz pripom\u00edna obr\u00e1tenie sv. August\u00edna, ktor\u00e9 vysvet\u013eoval slovami \u201e<i>Vulnerasti cor meum verbo tuo<\/i>\u201c, \u201ePrebodol si moje srdce tvoj\u00edm slovom\u201c. P\u00e1pe\u017e Lev XIV. teda potvrdil svoj predch\u00e1dzaj\u00faci biskupsk\u00fd erb v jeho z\u00e1kladn\u00fdch rysoch, ako aj heslo \u201e<i>In Illo uno unum<\/i>\u201c. Ide o slov\u00e1, ktor\u00e9 sv\u00e4t\u00fd August\u00edn pou\u017eil v k\u00e1zni \u201eV\u00fdklad 127. \u017ealmu\u201c, aby vysvetlil, \u017ee \u201ehoci n\u00e1s kres\u0165anov je mnoho, v jedinom Kristovi sme jedno\u201c.<a href=\"https:\/\/www.vaticannews.va\/sk\/papez\/news\/2025-05\/bol-zverejneny-erb-a-heslo-papeza-leva-xiv.html\"><span style=\"color: #0000ff;\">zobrazi\u0165<\/span><\/a><\/span><\/h5>\n<hr \/>\n<h3 class=\"article__title\"><span style=\"color: #0000ff;\"><strong>Inaugura\u010dn\u00e1 sv\u00e4t\u00e1 om\u0161a p\u00e1pe\u017ea Leva XIV. bude 18. m\u00e1ja<\/strong><\/span><\/h3>\n<h5><b><img loading=\"lazy\" decoding=\"async\" class=\" wp-image-6862 alignleft\" src=\"http:\/\/farnostvinne.sk\/wp-content\/uploads\/2025\/05\/495658592_1113012750843536_8506369435293630426_n-300x241.jpg\" alt=\"\" width=\"158\" height=\"127\" srcset=\"https:\/\/farnostvinne.sk\/wp-content\/uploads\/2025\/05\/495658592_1113012750843536_8506369435293630426_n-300x241.jpg 300w, https:\/\/farnostvinne.sk\/wp-content\/uploads\/2025\/05\/495658592_1113012750843536_8506369435293630426_n-1024x823.jpg 1024w, https:\/\/farnostvinne.sk\/wp-content\/uploads\/2025\/05\/495658592_1113012750843536_8506369435293630426_n-768x617.jpg 768w, https:\/\/farnostvinne.sk\/wp-content\/uploads\/2025\/05\/495658592_1113012750843536_8506369435293630426_n-1536x1235.jpg 1536w, https:\/\/farnostvinne.sk\/wp-content\/uploads\/2025\/05\/495658592_1113012750843536_8506369435293630426_n.jpg 2048w\" sizes=\"auto, (max-width: 158px) 100vw, 158px\" \/><\/b><\/h5>\n<h5><b>V\u00a0sobotu 10. m\u00e1ja<\/b> sa novozvolen\u00fd p\u00e1pe\u017e stretne s\u00a0kardin\u00e1lmi.<\/h5>\n<h5><b>V\u00a0nede\u013eu 11. m\u00e1ja<\/b> sa veriacim prihovor\u00ed z \u00fastrednej lod\u017eie Baziliky sv. Petra pri pr\u00edle\u017eitosti modlitby Raduj sa, nebies Kr\u00e1\u013eovn\u00e1 (<i>Regina Coeli<\/i>).<\/h5>\n<h5><b>V\u00a0pondelok 12. m\u00e1ja<\/b> sa stretne s\u00a0pracovn\u00edkmi svetov\u00fdch m\u00e9di\u00ed.<\/h5>\n<h5><b>V piatok 16. m\u00e1ja<\/b> p\u00e1pe\u017e prijme diplomatick\u00fd zbor akreditovan\u00fd pri Sv\u00e4tej stolici.<\/h5>\n<h5><b>V nede\u013eu 18. m\u00e1ja<\/b> bude o 10:00 na N\u00e1mest\u00ed sv. Petra predseda\u0165 sv\u00e4tej om\u0161i pri pr\u00edle\u017eitosti za\u010diatku pontifik\u00e1tu.<\/h5>\n<hr \/>\n<h3 class=\"article__title\"><strong><span style=\"color: #0000ff;\">Pohreb p\u00e1pe\u017ea Franti\u0161ka bude 26. apr\u00edla pred Bazilikou sv. Petra<\/span><\/strong><\/h3>\n<h5 style=\"text-align: left;\"><span style=\"color: #000000;\"><img loading=\"lazy\" decoding=\"async\" class=\" wp-image-6824 alignleft\" src=\"http:\/\/farnostvinne.sk\/wp-content\/uploads\/2025\/04\/Snimka-obrazovky-2025-04-22-o-10.47.34-300x199.png\" alt=\"\" width=\"168\" height=\"112\" srcset=\"https:\/\/farnostvinne.sk\/wp-content\/uploads\/2025\/04\/Snimka-obrazovky-2025-04-22-o-10.47.34-300x199.png 300w, https:\/\/farnostvinne.sk\/wp-content\/uploads\/2025\/04\/Snimka-obrazovky-2025-04-22-o-10.47.34-1024x678.png 1024w, https:\/\/farnostvinne.sk\/wp-content\/uploads\/2025\/04\/Snimka-obrazovky-2025-04-22-o-10.47.34-768x509.png 768w, https:\/\/farnostvinne.sk\/wp-content\/uploads\/2025\/04\/Snimka-obrazovky-2025-04-22-o-10.47.34-1536x1017.png 1536w, https:\/\/farnostvinne.sk\/wp-content\/uploads\/2025\/04\/Snimka-obrazovky-2025-04-22-o-10.47.34.png 1670w\" sizes=\"auto, (max-width: 168px) 100vw, 168px\" \/>V sobotu 26. apr\u00edla 2025 o 10.00 h, v prv\u00fd de\u0148 dev\u00e4\u0165d\u0148ovej pobo\u017enosti za zosnul\u00e9ho p\u00e1pe\u017ea (Novendiali), sa na priestranstve pred Bazilikou sv\u00e4t\u00e9ho Petra bude sl\u00e1vi\u0165 pohrebn\u00e1 sv\u00e4t\u00e1 om\u0161a p\u00e1pe\u017ea Franti\u0161ka pod\u013ea predpisov Ordo Exsequiarum Romani Pontificis (R\u00edmskeho pohrebn\u00e9ho poriadku pre p\u00e1pe\u017ea). Ozn\u00e1mil to \u00darad pre liturgick\u00e9 sl\u00e1venia, ktor\u00fd informoval, \u017ee pohrebnej liturgii bude predseda\u0165 kardin\u00e1l Giovanni Battista Re, dekan Kol\u00e9gia kardin\u00e1lov. Po skon\u010den\u00ed eucharistick\u00e9ho sl\u00e1venia bud\u00fa nasledova\u0165 z\u00e1vere\u010dn\u00e9 obrady <i>Ultima commendatio<\/i>a <i>Valedictio<\/i>. N\u00e1sledne bude rakva s telom Sv\u00e4t\u00e9ho Otca prenesen\u00e1 do Baziliky sv\u00e4t\u00e9ho Petra a odtia\u013e do Baziliky Santa Maria Maggiore, kde bude ulo\u017een\u00e1 k ve\u010dn\u00e9mu odpo\u010dinku. \u00da\u010das\u0165 na pohrebe ozn\u00e1mili viacer\u00ed predstavitelia \u0161t\u00e1tov a vl\u00e1d.<a href=\"https:\/\/www.vaticannews.va\/sk\/papez\/news\/2025-04\/pohreb-papeza-frantiska-bude-26-aprila-pred-bazilikou-sv-petra.html\"><span style=\"color: #0000ff;\">zobrazi\u0165<\/span><\/a><\/span><\/h5>\n<hr \/>\n<h3 class=\"article__title\"><strong><span style=\"color: #0000ff;\">Dnes r\u00e1no p\u00e1pe\u017e Franti\u0161ek odi\u0161iel do domu Otca<\/span><\/strong><\/h3>\n<p class=\"article__subTitle\" style=\"text-align: center;\">\u00a0<img loading=\"lazy\" decoding=\"async\" class=\"alignnone size-medium wp-image-6819\" src=\"http:\/\/farnostvinne.sk\/wp-content\/uploads\/2025\/04\/cq5dam.thumbnail.cropped.1500.844-1-300x169.jpeg\" alt=\"\" width=\"300\" height=\"169\" srcset=\"https:\/\/farnostvinne.sk\/wp-content\/uploads\/2025\/04\/cq5dam.thumbnail.cropped.1500.844-1-300x169.jpeg 300w, https:\/\/farnostvinne.sk\/wp-content\/uploads\/2025\/04\/cq5dam.thumbnail.cropped.1500.844-1-1024x576.jpeg 1024w, https:\/\/farnostvinne.sk\/wp-content\/uploads\/2025\/04\/cq5dam.thumbnail.cropped.1500.844-1-768x432.jpeg 768w, https:\/\/farnostvinne.sk\/wp-content\/uploads\/2025\/04\/cq5dam.thumbnail.cropped.1500.844-1.jpeg 1280w\" sizes=\"auto, (max-width: 300px) 100vw, 300px\" \/><\/p>\n<p class=\"article__subTitle\" style=\"text-align: left;\"><span style=\"color: #000000;\">Pred malou chv\u00ed\u013eou Jeho Eminencia kardin\u00e1l Farrell so z\u00e1rmutkom ozn\u00e1mil smr\u0165 p\u00e1pe\u017ea Franti\u0161ka t\u00fdmito slovami: <span style=\"font-size: revert;\">\u201eDrah\u00ed bratia a sestry, s hlbok\u00fdm z\u00e1rmutkom mus\u00edm ozn\u00e1mi\u0165 smr\u0165 n\u00e1\u0161ho Sv\u00e4t\u00e9ho Otca Franti\u0161ka. <\/span><span style=\"font-size: revert;\">Dnes r\u00e1no o 7.35 sa r\u00edmsky biskup Franti\u0161ek vr\u00e1til do Otcovho domu. Cel\u00fd svoj \u017eivot zasv\u00e4til slu\u017ebe P\u00e1novi a jeho Cirkvi. <\/span><span style=\"font-size: revert;\">U\u010dil n\u00e1s \u017ei\u0165 hodnoty evanjelia s vernos\u0165ou, odvahou a univerz\u00e1lnou l\u00e1skou, osobitne v prospech najchudobnej\u0161\u00edch a vyl\u00fa\u010den\u00fdch. <\/span><span style=\"font-size: revert;\">S nesmiernou v\u010fa\u010dnos\u0165ou za jeho pr\u00edklad prav\u00e9ho u\u010den\u00edka P\u00e1na Je\u017ei\u0161a odpor\u00fa\u010dame du\u0161u p\u00e1pe\u017ea Franti\u0161ka nekone\u010dnej milosrdnej l\u00e1ske Trojjedin\u00e9ho Boha.\u201c<\/span><\/span><\/p>\n<hr \/>\n<h3 class=\"article__title\"><span style=\"color: #0000ff;\"><strong>P\u00e1pe\u017e na za\u010diatku Jubilea: Br\u00e1na n\u00e1deje je otvoren\u00e1 svetu dokor\u00e1n<\/strong><\/span><\/h3>\n<h5><span style=\"color: #000000;\"><img loading=\"lazy\" decoding=\"async\" class=\" wp-image-6016 alignleft\" src=\"http:\/\/farnostvinne.sk\/wp-content\/uploads\/2023\/07\/cq5dam.thumbnail.cropped.1500.844-8-300x169.jpeg\" alt=\"\" width=\"146\" height=\"82\" srcset=\"https:\/\/farnostvinne.sk\/wp-content\/uploads\/2023\/07\/cq5dam.thumbnail.cropped.1500.844-8-300x169.jpeg 300w, https:\/\/farnostvinne.sk\/wp-content\/uploads\/2023\/07\/cq5dam.thumbnail.cropped.1500.844-8-1024x576.jpeg 1024w, https:\/\/farnostvinne.sk\/wp-content\/uploads\/2023\/07\/cq5dam.thumbnail.cropped.1500.844-8-768x432.jpeg 768w, https:\/\/farnostvinne.sk\/wp-content\/uploads\/2023\/07\/cq5dam.thumbnail.cropped.1500.844-8.jpeg 1500w\" sizes=\"auto, (max-width: 146px) 100vw, 146px\" \/>Pou\u010dme sa z pr\u00edkladu pastierov. N\u00e1dej, ktor\u00e1 sa rod\u00ed v t\u00fato noc, netoleruje ne\u010dinnos\u0165 usaden\u00fdch \u013eud\u00ed a lenivos\u0165 t\u00fdch, ktor\u00ed sa usadili vo svojom pohodl\u00ed, &#8211; a mnoh\u00ed z n\u00e1s s\u00fa v nebezpe\u010denstve, \u017ee sa usad\u00edme vo svojom pohodl\u00ed. N\u00e1dej v\u0161ak neprip\u00fa\u0161\u0165a falo\u0161n\u00fa opatrnos\u0165 t\u00fdch, ktor\u00ed sa nep\u00fa\u0161\u0165aj\u00fa do ni\u010doho zo strachu, \u017ee sa ohrozia, ani vypo\u010d\u00edtavos\u0165 t\u00fdch, ktor\u00ed myslia len na seba. N\u00e1dej je nezlu\u010dite\u013en\u00e1 s pokojn\u00fdm \u017eivotom t\u00fdch, ktor\u00ed sa neozv\u00fa pri poh\u013eade na zlo a nespravodlivos\u0165, ktor\u00e9 s\u00fa p\u00e1chan\u00e9 na \u00fakor t\u00fdch najchudobnej\u0161\u00edch. Naopak, kres\u0165ansk\u00e1 n\u00e1dej, zatia\u013e \u010do n\u00e1s poz\u00fdva k trpezliv\u00e9mu \u010dakaniu na Bo\u017eie kr\u00e1\u013eovstvo, ktor\u00e9 kl\u00ed\u010di a rastie, vy\u017eaduje od n\u00e1s odvahu, aby sme realizovali tento pr\u00eds\u013eub u\u017e dnes, a to prostredn\u00edctvom na\u0161ej zodpovednosti a nielen to, aj prostredn\u00edctvom n\u00e1\u0161ho s\u00facitu. A tu n\u00e1m pom\u00f4\u017ee, ak si polo\u017e\u00edme ot\u00e1zku o na\u0161om s\u00facite: M\u00e1m s\u00facit? S\u00facit\u00edm s in\u00fdmi? Zamyslime sa nad t\u00fdm.<a href=\"https:\/\/www.vaticannews.va\/sk\/papez\/news\/2024-12\/papez-na-zaciatku-jubilea-brana-nadeje-je-otvorena-svetu.html\"><span style=\"color: #0000ff;\">zobrazi\u0165<\/span><\/a><\/span><\/h5>\n<hr \/>\n<h3 class=\"article__title\"><strong><span style=\"color: #0000ff;\">P\u00e1pe\u017e Franti\u0161ek otvoril Jubilejn\u00fd rok 2025<\/span><\/strong><\/h3>\n<h5><span style=\"color: #000000;\"><img loading=\"lazy\" decoding=\"async\" class=\" wp-image-6690 alignleft\" src=\"http:\/\/farnostvinne.sk\/wp-content\/uploads\/2024\/12\/cq5dam.thumbnail.cropped.1500.844-2-300x169.jpeg\" alt=\"\" width=\"149\" height=\"84\" srcset=\"https:\/\/farnostvinne.sk\/wp-content\/uploads\/2024\/12\/cq5dam.thumbnail.cropped.1500.844-2-300x169.jpeg 300w, https:\/\/farnostvinne.sk\/wp-content\/uploads\/2024\/12\/cq5dam.thumbnail.cropped.1500.844-2-1024x576.jpeg 1024w, https:\/\/farnostvinne.sk\/wp-content\/uploads\/2024\/12\/cq5dam.thumbnail.cropped.1500.844-2-768x432.jpeg 768w, https:\/\/farnostvinne.sk\/wp-content\/uploads\/2024\/12\/cq5dam.thumbnail.cropped.1500.844-2.jpeg 1500w\" sizes=\"auto, (max-width: 149px) 100vw, 149px\" \/>Heslom Jubilejn\u00e9ho roka 2025 je slovo \u201en\u00e1dej\u201c. P\u00e1pe\u017e Franti\u0161ek zd\u00f4raz\u0148uje, \u017ee ide o hodnotu, ktor\u00fa svet potrebuje najm\u00e4 dnes. Ved\u00fa sa vojny na Ukrajine, Bl\u00edzkom v\u00fdchode a hroz\u00ed, \u017ee vypukn\u00fa aj inde vo svete. V mnoh\u00fdch krajin\u00e1ch s\u00fa \u013eudia prenasledovan\u00ed, pokra\u010duje migra\u010dn\u00e1 kr\u00edza, \u013eud\u00ed postihuj\u00fa pr\u00edrodn\u00e9 katastrofy. Pod\u013ea Sv\u00e4t\u00e9ho Otca Franti\u0161ka v tejto situ\u00e1ci\u00ed \u013eudia potrebuj\u00fa najm\u00e4 cnos\u0165 n\u00e1deje. A &#8211; ako p\u00e1pe\u017e opakovane zd\u00f4raz\u0148uje &#8211; \u201en\u00e1dej nikdy nesklame\u201c. A kres\u0165ansk\u00e1 n\u00e1dej sa nevzd\u00e1va ani tv\u00e1rou v tv\u00e1r \u0165a\u017ekostiam: je zalo\u017een\u00e1 na viere a \u017eiven\u00e1 l\u00e1skou, a tak umo\u017e\u0148uje napredova\u0165 v \u017eivote.<a href=\"https:\/\/www.vaticannews.va\/sk\/cirkev\/news\/2024-12\/papez-frantisek-otvoril-jubilejny-rok-2025.html\">zobrazi\u0165<\/a><\/span><\/h5>\n<hr \/>\n<h3 class=\"article__title\"><span style=\"color: #0000ff;\"><strong>Anjel P\u00e1na: M\u00f4\u017eem poveda\u0165, \u017ee je Je\u017ei\u0161 mojim \u201ekr\u00e1\u013eom\u201c?<\/strong><\/span><\/h3>\n<h5><span style=\"color: #000000;\"><img loading=\"lazy\" decoding=\"async\" class=\" wp-image-6016 alignleft\" src=\"http:\/\/farnostvinne.sk\/wp-content\/uploads\/2023\/07\/cq5dam.thumbnail.cropped.1500.844-8-300x169.jpeg\" alt=\"\" width=\"153\" height=\"86\" srcset=\"https:\/\/farnostvinne.sk\/wp-content\/uploads\/2023\/07\/cq5dam.thumbnail.cropped.1500.844-8-300x169.jpeg 300w, https:\/\/farnostvinne.sk\/wp-content\/uploads\/2023\/07\/cq5dam.thumbnail.cropped.1500.844-8-1024x576.jpeg 1024w, https:\/\/farnostvinne.sk\/wp-content\/uploads\/2023\/07\/cq5dam.thumbnail.cropped.1500.844-8-768x432.jpeg 768w, https:\/\/farnostvinne.sk\/wp-content\/uploads\/2023\/07\/cq5dam.thumbnail.cropped.1500.844-8.jpeg 1500w\" sizes=\"auto, (max-width: 153px) 100vw, 153px\" \/>V prvom momente sa Pil\u00e1t p\u00fdta Je\u017ei\u0161a: \u201eSi \u017eidovsk\u00fd <i>kr\u00e1\u013e<\/i>?\u201c (v. 33). Uva\u017euje ako cis\u00e1rsky \u00faradn\u00edk, ktor\u00fd chce pochopi\u0165, \u010di \u010dlovek, ktor\u00fd stoj\u00ed pred n\u00edm, predstavuje pre neho hrozbu. Kr\u00e1\u013e m\u00e1 autoritu, ktorou vl\u00e1dne nad v\u0161etk\u00fdmi svojimi poddan\u00fdmi. To by pre neho bola hrozba, v\u0161ak? Je\u017ei\u0161 prehlasuje, \u017ee je kr\u00e1\u013eom, to \u00e1no, ale \u00faplne in\u00fdm sp\u00f4sobom! Je\u017ei\u0161 je kr\u00e1\u013eom, preto\u017ee je svedkom &#8211; je t\u00fdm, kto hovor\u00ed pravdu (porov. v. 37). Kr\u00e1\u013eovsk\u00e1 moc Je\u017ei\u0161a, vtelen\u00e9ho Slova, spo\u010d\u00edva v jeho pravdivom a \u00fa\u010dinnom slove, ktor\u00e9 premie\u0148a svet. <i>Svet<\/i>: a toto je druh\u00fd moment. \u201eSvet\u201c Pontsk\u00e9ho Pil\u00e1ta je ten, kde siln\u00fd v\u00ed\u0165az\u00ed nad slab\u00fdm, bohat\u00fd nad chudobn\u00fdm, n\u00e1siln\u00edk nad pokorn\u00fdm. Je to svet, ktor\u00fd, \u017eia\u013e, ve\u013emi dobre pozn\u00e1me. Je\u017ei\u0161 je kr\u00e1\u013e, ale jeho kr\u00e1\u013eovstvo nie je z\u00a0toho sveta, a\u00a0ani z tohto sveta (v. 36). Je\u017ei\u0161ov svet je v skuto\u010dnosti nov\u00fd svet, ve\u010dn\u00fd svet, ktor\u00fd Boh pripravuje pre v\u0161etk\u00fdch t\u00fdm, \u017ee d\u00e1va svoj \u017eivot za na\u0161u sp\u00e1su. Je to nebesk\u00e9 kr\u00e1\u013eovstvo, ktor\u00e9 Kristus prin\u00e1\u0161a na zem vyliat\u00edm milosti a pravdy (porov. <i>Jn<\/i> 1, 17).<a href=\"https:\/\/www.vaticannews.va\/sk\/papez\/news\/2024-11\/anjel-pana-mozem-povedat-ze-je-jezis-mojim-kralom.html\"><span style=\"color: #0000ff;\">zobrazi\u0165<\/span><\/a><\/span><\/h5>\n<hr \/>\n<h3 class=\"article__title\"><span style=\"color: #0000ff;\"><strong>Anjel P\u00e1na: Moc spo\u010d\u00edva v slu\u017ebe in\u00fdm<\/strong><\/span><\/h3>\n<h5><span style=\"color: #000000;\"><img loading=\"lazy\" decoding=\"async\" class=\" wp-image-6016 alignleft\" src=\"http:\/\/farnostvinne.sk\/wp-content\/uploads\/2023\/07\/cq5dam.thumbnail.cropped.1500.844-8-300x169.jpeg\" alt=\"\" width=\"154\" height=\"87\" srcset=\"https:\/\/farnostvinne.sk\/wp-content\/uploads\/2023\/07\/cq5dam.thumbnail.cropped.1500.844-8-300x169.jpeg 300w, https:\/\/farnostvinne.sk\/wp-content\/uploads\/2023\/07\/cq5dam.thumbnail.cropped.1500.844-8-1024x576.jpeg 1024w, https:\/\/farnostvinne.sk\/wp-content\/uploads\/2023\/07\/cq5dam.thumbnail.cropped.1500.844-8-768x432.jpeg 768w, https:\/\/farnostvinne.sk\/wp-content\/uploads\/2023\/07\/cq5dam.thumbnail.cropped.1500.844-8.jpeg 1500w\" sizes=\"auto, (max-width: 154px) 100vw, 154px\" \/>Evanjelium dne\u0161nej liturgie (porov. <i>Mk<\/i> 12, 38 &#8211; 44) n\u00e1m hovor\u00ed o Je\u017ei\u0161ovi, ktor\u00fd v jeruzalemskom chr\u00e1me pred \u013eudom odsudzuje pokryteck\u00fd postoj niektor\u00fdch z\u00e1konn\u00edkov (porov. v. 38 &#8211; 40). T\u00edto boli poveren\u00ed d\u00f4le\u017eitou \u00falohou v izraelskom spolo\u010denstve: \u010d\u00edtali, prepisovali a vykladali Sv\u00e4t\u00e9 p\u00edsmo. Preto boli vysoko v\u00e1\u017een\u00ed a \u013eud im preukazoval \u00factu. Okrem vonkaj\u0161\u00edch znakov v\u0161ak ich spr\u00e1vanie \u010dasto nezodpovedalo tomu, \u010do u\u010dili. Neboli koherentn\u00ed. Niektor\u00ed z nich sa toti\u017e pozerali na ostatn\u00fdch \u201ezhora\u201c s nadradenos\u0165ou a s mocou, ktorej sa te\u0161ili, \u2013 je ve\u013emi nepekn\u00e9, h\u013eadie\u0165 na druh\u00e9ho zhora &#8211; pretvarovali sa a skr\u00fdvali sa za fas\u00e1dou predstieranej v\u00e1\u017enosti a legalizmu, prisvojovali si privil\u00e9gi\u00e1 a dokonca zach\u00e1dzali tak \u010faleko, \u017ee sa dop\u00fa\u0161\u0165ali otvorenej kr\u00e1de\u017ee vo\u010di najslab\u0161\u00edm, ako boli vdovy (porov. v. 40).<a href=\"https:\/\/www.vaticannews.va\/sk\/papez\/news\/2024-11\/anjel-pana-moc-spociva-v-sluzbe-inym.html\"><span style=\"color: #0000ff;\">zobrazi\u0165<\/span><\/a><\/span><\/h5>\n<hr \/>\n<h3 class=\"article__title\"><strong><span style=\"color: #0000ff;\">Svetov\u00e9 dni det\u00ed 2024: H\u013ea v\u0161etko rob\u00edm nov\u00e9<\/span><\/strong><\/h3>\n<h5><span style=\"color: #000000;\"><img loading=\"lazy\" decoding=\"async\" class=\" wp-image-6282 alignleft\" src=\"http:\/\/farnostvinne.sk\/wp-content\/uploads\/2024\/02\/Snimka-obrazovky-2024-02-06-o-7.20.00-300x134.png\" alt=\"\" width=\"157\" height=\"70\" srcset=\"https:\/\/farnostvinne.sk\/wp-content\/uploads\/2024\/02\/Snimka-obrazovky-2024-02-06-o-7.20.00-300x134.png 300w, https:\/\/farnostvinne.sk\/wp-content\/uploads\/2024\/02\/Snimka-obrazovky-2024-02-06-o-7.20.00-1024x458.png 1024w, https:\/\/farnostvinne.sk\/wp-content\/uploads\/2024\/02\/Snimka-obrazovky-2024-02-06-o-7.20.00-768x343.png 768w, https:\/\/farnostvinne.sk\/wp-content\/uploads\/2024\/02\/Snimka-obrazovky-2024-02-06-o-7.20.00.png 1498w\" sizes=\"auto, (max-width: 157px) 100vw, 157px\" \/>\u201eBude raz Svetov\u00e9 stretnutie det\u00ed?\u201c T\u00fato ot\u00e1zku polo\u017eil p\u00e1pe\u017eovi 9-ro\u010dn\u00fd chlapec Alessandro, v podcaste <a style=\"color: #000000;\" href=\"https:\/\/www.vaticannews.va\/sk\/papez\/news\/2023-07\/popecast-novy-podcast-papez-s-mladymi.html\"><i>Popecast<\/i><\/a> v\u00a0predve\u010der SDM<i>.<\/i> \u201eBolo by to pekn\u00e9, ve\u013emi sa mi to p\u00e1\u010di,\u201c odpovedal mu p\u00e1pe\u017e a dodal: \u201eBudem o tom prem\u00fd\u0161\u013ea\u0165 a uvid\u00edme, ako to urobi\u0165\u201c. Jeho odpove\u010f na seba nenechala dlho \u010daka\u0165. Petrov n\u00e1stupca sa 6. novembra 2023 stretol s viac ako 7 000 de\u0165mi z cel\u00e9ho sveta v r\u00e1mci iniciat\u00edvy \u201eU\u010dme sa od chlapcov a diev\u010dat\u201c a o mesiac nesk\u00f4r, 8. decembra, pri modlitbe Anjel P\u00e1na vyhl\u00e1sil na 25. a 26. m\u00e1ja 2024 oslavy prv\u00fdch Svetov\u00fdch dn\u00ed det\u00ed.<a href=\"https:\/\/www.vaticannews.va\/sk\/vatikan\/news\/2024-02\/predstavili-svetove-dni-deti-2024-v-evanjeliu-je-novost-ktoru.html\"><span style=\"color: #0000ff;\">zobrazi\u0165<\/span><\/a><\/span><\/h5>\n<hr \/>\n<h3 class=\"article__title\"><strong><span style=\"color: #0000ff;\">P\u00e1pe\u017e nov\u00fdm kardin\u00e1lom: Bu\u010fme symfonickou a synod\u00e1lnou Cirkvou<\/span><\/strong><\/h3>\n<h5><span style=\"color: #000000;\"><img loading=\"lazy\" decoding=\"async\" class=\" wp-image-6123 alignleft\" src=\"http:\/\/farnostvinne.sk\/wp-content\/uploads\/2023\/10\/cq5dam.thumbnail.cropped.1500.844-9-300x169.jpeg\" alt=\"\" width=\"160\" height=\"90\" srcset=\"https:\/\/farnostvinne.sk\/wp-content\/uploads\/2023\/10\/cq5dam.thumbnail.cropped.1500.844-9-300x169.jpeg 300w, https:\/\/farnostvinne.sk\/wp-content\/uploads\/2023\/10\/cq5dam.thumbnail.cropped.1500.844-9-1024x576.jpeg 1024w, https:\/\/farnostvinne.sk\/wp-content\/uploads\/2023\/10\/cq5dam.thumbnail.cropped.1500.844-9-768x432.jpeg 768w, https:\/\/farnostvinne.sk\/wp-content\/uploads\/2023\/10\/cq5dam.thumbnail.cropped.1500.844-9.jpeg 1500w\" sizes=\"auto, (max-width: 160px) 100vw, 160px\" \/>Ke\u010f som myslel na t\u00fato sl\u00e1vnos\u0165 a najm\u00e4 na v\u00e1s, drah\u00ed bratia, ktor\u00ed sa stanete kardin\u00e1lmi, pri\u0161iel mi na um tento text zo Skutkov apo\u0161tolov (porov. 2,1-11). Je to podstatn\u00fd text: rozpr\u00e1vanie o Tur\u00edcach, krste Cirkvi&#8230; V skuto\u010dnosti v\u0161ak moje my\u0161lienky up\u00fatalo nie\u010do zvl\u00e1\u0161tne: to vyjadrenie, ktor\u00e9 vy\u0161lo z \u00fast \u017didov, ktor\u00ed \u00abvtedy \u017eili v Jeruzaleme\u00bb (v. 5). Hovoria: \u00abMy, Parti, M\u00e9di, Elam\u010dania&#8230; \u00bb (v. 9) a tak \u010falej. Tento dlh\u00fd zoznam n\u00e1rodov ma priviedol k my\u0161lienke na kardin\u00e1lov, ktor\u00ed v\u010faka Bohu poch\u00e1dzaj\u00fa zo v\u0161etk\u00fdch \u010dast\u00ed sveta, z najrozmanitej\u0161\u00edch n\u00e1rodov. Preto som si vybral tento biblick\u00fd \u00faryvok. Ke\u010f som nad n\u00edm nesk\u00f4r meditoval, uvedomil som si ak\u00e9si \u201eprekvapenie\u201c, ktor\u00e9 sa skr\u00fdvalo v tomto spojen\u00ed my\u0161lienok, prekvapenie, v ktorom som s rados\u0165ou akoby rozpoznal takpovediac \u201ehumor\u201c Ducha Sv\u00e4t\u00e9ho, prep\u00e1\u010dte mi tento v\u00fdraz.<a href=\"https:\/\/www.vaticannews.va\/sk\/papez\/news\/2023-09\/papez-novym-kardinalom-budme-symfonickou-a-synodalnou-cirkvou.html\"><span style=\"color: #0000ff;\">zobrazi\u0165<\/span><\/a><\/span><\/h5>\n<hr \/>\n<h3 class=\"article__title\"><span style=\"color: #0000ff;\"><strong>P\u00e1pe\u017eov \u00famysel na okt\u00f3ber: Modlime sa za synodu, aby Duch Sv\u00e4t\u00fd viedol poslanie Cirkvi<\/strong><\/span><\/h3>\n<h5><span style=\"color: #000000;\"><img loading=\"lazy\" decoding=\"async\" class=\"wp-image-6016 alignleft\" src=\"http:\/\/farnostvinne.sk\/wp-content\/uploads\/2023\/07\/cq5dam.thumbnail.cropped.1500.844-8-300x169.jpeg\" alt=\"\" width=\"163\" height=\"92\" srcset=\"https:\/\/farnostvinne.sk\/wp-content\/uploads\/2023\/07\/cq5dam.thumbnail.cropped.1500.844-8-300x169.jpeg 300w, https:\/\/farnostvinne.sk\/wp-content\/uploads\/2023\/07\/cq5dam.thumbnail.cropped.1500.844-8-1024x576.jpeg 1024w, https:\/\/farnostvinne.sk\/wp-content\/uploads\/2023\/07\/cq5dam.thumbnail.cropped.1500.844-8-768x432.jpeg 768w, https:\/\/farnostvinne.sk\/wp-content\/uploads\/2023\/07\/cq5dam.thumbnail.cropped.1500.844-8.jpeg 1500w\" sizes=\"auto, (max-width: 163px) 100vw, 163px\" \/>Prostredn\u00edctvom modlitby a rozli\u0161ovania n\u00e1m Duch Sv\u00e4t\u00fd pom\u00e1ha vykon\u00e1va\u0165 \u201eapo\u0161tol\u00e1t sluchu\u201c, to znamen\u00e1 po\u010d\u00fava\u0165 u\u0161ami Boha, aby sme mohli hovori\u0165 slovami Boha. A tak sa pribli\u017eujeme ku Kristovmu srdcu, z ktor\u00e9ho vych\u00e1dza na\u0161e poslanie a hlas, ktor\u00fd n\u00e1s pri\u0165ahuje k nemu. Je to hlas, ktor\u00fd n\u00e1m odha\u013euje jadro poslania, ktor\u00fdm je oslovi\u0165 ka\u017ed\u00e9ho, h\u013eada\u0165 ka\u017ed\u00e9ho, prija\u0165 ka\u017ed\u00e9ho, zapoji\u0165 ka\u017ed\u00e9ho bez toho, aby sme niekoho vyl\u00fa\u010dili.\u00a0Modlime sa za Cirkev, aby si osvojila po\u010d\u00favanie a dial\u00f3g ako \u0161t\u00fdl \u017eivota na v\u0161etk\u00fdch \u00farovniach a nechala sa vies\u0165 mocou Ducha Sv\u00e4t\u00e9ho do v\u0161etk\u00fdch kon\u010d\u00edn sveta.\u201c<a href=\"https:\/\/www.vaticannews.va\/sk\/papez\/news\/2023-09\/papezov-umysel-na-oktober-modlime-sa-za-synodu-aby-duch-svaty.html\"><span style=\"color: #0000ff;\">zobrazi\u0165<\/span><\/a><\/span><\/h5>\n","protected":false},"excerpt":{"rendered":"<p>Hom\u00edlia Leva XIV.: Dnes sa v dejin\u00e1ch Cirkvi otv\u00e1ra nov\u00e1 misijn\u00e1 epocha P\u00e1nova odpove\u010f n\u00e1s v\u0161ak otv\u00e1ra n\u00e1deji. Ak prorok poukazuje na neodvratn\u00fa silu zla, ktor\u00e9 sa zd\u00e1 by\u0165 v\u00ed\u0165azn\u00e9, P\u00e1n mu naopak oznamuje, \u017ee v\u0161etko toto bude ma\u0165 svoj koniec, svoj \u010das, lebo sp\u00e1sa pr\u00edde a nebude me\u0161ka\u0165: \u201eH\u013ea, nad\u00fava sa, v kom nie [&hellip;]<\/p>\n","protected":false},"author":2,"featured_media":1165,"parent":0,"menu_order":0,"comment_status":"closed","ping_status":"closed","template":"","meta":{"_monsterinsights_skip_tracking":false,"_monsterinsights_sitenote_active":false,"_monsterinsights_sitenote_note":"","_monsterinsights_sitenote_category":0,"footnotes":""},"class_list":["post-11","page","type-page","status-publish","has-post-thumbnail","hentry"],"_links":{"self":[{"href":"https:\/\/farnostvinne.sk\/index.php?rest_route=\/wp\/v2\/pages\/11","targetHints":{"allow":["GET"]}}],"collection":[{"href":"https:\/\/farnostvinne.sk\/index.php?rest_route=\/wp\/v2\/pages"}],"about":[{"href":"https:\/\/farnostvinne.sk\/index.php?rest_route=\/wp\/v2\/types\/page"}],"author":[{"embeddable":true,"href":"https:\/\/farnostvinne.sk\/index.php?rest_route=\/wp\/v2\/users\/2"}],"replies":[{"embeddable":true,"href":"https:\/\/farnostvinne.sk\/index.php?rest_route=%2Fwp%2Fv2%2Fcomments&post=11"}],"version-history":[{"count":5,"href":"https:\/\/farnostvinne.sk\/index.php?rest_route=\/wp\/v2\/pages\/11\/revisions"}],"predecessor-version":[{"id":7030,"href":"https:\/\/farnostvinne.sk\/index.php?rest_route=\/wp\/v2\/pages\/11\/revisions\/7030"}],"wp:featuredmedia":[{"embeddable":true,"href":"https:\/\/farnostvinne.sk\/index.php?rest_route=\/wp\/v2\/media\/1165"}],"wp:attachment":[{"href":"https:\/\/farnostvinne.sk\/index.php?rest_route=%2Fwp%2Fv2%2Fmedia&parent=11"}],"curies":[{"name":"wp","href":"https:\/\/api.w.org\/{rel}","templated":true}]}}